{"id":2725,"date":"2025-09-20T13:20:00","date_gmt":"2025-09-20T11:20:00","guid":{"rendered":"https:\/\/simonyi.kre.hu\/?page_id=2725"},"modified":"2025-09-22T20:46:21","modified_gmt":"2025-09-22T18:46:21","slug":"tamogatoink-2025-26","status":"publish","type":"page","link":"https:\/\/simonyi.kre.hu\/?page_id=2725","title":{"rendered":"T\u00e1mogat\u00f3ink 2025\/26"},"content":{"rendered":"\n<p id=\"block-3a8aaca6-7a89-432a-8f18-60474046ab7e\"><strong>T\u00e1mogat\u00f3ink a 2025\/26. tan\u00e9vben<\/strong><\/p>\n\n\n\n<p id=\"block-0222966c-b8a1-45a2-9a1a-b88e985552b4\">A&nbsp;29. alkalommal megrendezett verseny&nbsp;megval\u00f3s\u00edt\u00e1s\u00e1t a&nbsp;<strong>Nemzeti Tehets\u00e9g Program<\/strong>&nbsp;p\u00e1ly\u00e1zati t\u00e1mogat\u00e1s\u00e1val (t\u00e1mogat\u00f3 szervezet: Kultur\u00e1lis \u00e9s Innov\u00e1ci\u00f3s Miniszt\u00e9rium, nev\u00e9ben \u00e9s k\u00e9pviselet\u00e9ben elj\u00e1r\u00f3 lebonyol\u00edt\u00f3: Nemzeti Kultur\u00e1lis T\u00e1mogat\u00e1skezel\u0151) a k\u00f6vetkez\u0151 p\u00e1ly\u00e1zati forr\u00e1s tette lehet\u0151v\u00e9:<br>a Magyar Nyelvtudom\u00e1nyi T\u00e1rsas\u00e1g <strong><a href=\"https:\/\/simonyi.kre.hu\/wp-content\/uploads\/2025\/09\/NTP_2025_1.jpg\" target=\"_blank\" rel=\"noreferrer noopener\">NTP-TMV-M-25-B-0019<\/a><\/strong> azonos\u00edt\u00f3sz\u00e1m\u00fa p\u00e1ly\u00e1zata a<br><em>XXIX. Simonyi Zsigmond K\u00e1rp\u00e1t-medencei helyes\u00edr\u00e1si verseny <\/em>lebonyol\u00edt\u00e1s\u00e1ra (vonatkoz\u00f3 t\u00e1mogat\u00e1si alprogram: <em>A hazai nagy hagyom\u00e1ny\u00fa, orsz\u00e1gos szervez\u00e9s\u0171 tanulm\u00e1nyi \u00e9s sportversenyek t\u00e1mogat\u00e1sa<\/em>, a p\u00e1ly\u00e1zati kateg\u00f3ria k\u00f3dja: NTP-TMV-M-25).<br>T\u00e1mogat\u00e1si \u00f6sszeg: 5 000 000 Ft.<br>T\u00e1mogat\u00e1si id\u0151szak: 2025. szeptember 1. \u2013 2026. augusztus 31.<\/p>\n\n\n\n<ul id=\"block-b6d56980-ef3f-4c7d-b7ab-eaad81f2c5bd\" class=\"wp-block-list\">\n<li>K\u00e1roli G\u00e1sp\u00e1r Reform\u00e1tus Egyetem<\/li>\n<\/ul>\n\n\n\n<p><\/p>\n\n\n\n<figure class=\"wp-block-image size-full\"><img loading=\"lazy\" decoding=\"async\" width=\"300\" height=\"107\" src=\"https:\/\/simonyi.kre.hu\/wp-content\/uploads\/2024\/11\/NTP_logo_color_rgb.jpg\" alt=\"\" class=\"wp-image-2496\"\/><\/figure>\n\n\n\n<figure class=\"wp-block-image size-full\"><img loading=\"lazy\" decoding=\"async\" width=\"300\" height=\"87\" src=\"https:\/\/simonyi.kre.hu\/wp-content\/uploads\/2024\/11\/KIM_logo.jpg\" alt=\"\" class=\"wp-image-2498\"\/><\/figure>\n\n\n\n<figure class=\"wp-block-image size-full\"><img loading=\"lazy\" decoding=\"async\" width=\"321\" height=\"257\" src=\"https:\/\/simonyi.kre.hu\/wp-content\/uploads\/2024\/11\/logok01.jpg\" alt=\"\" class=\"wp-image-2499\" srcset=\"https:\/\/simonyi.kre.hu\/wp-content\/uploads\/2024\/11\/logok01.jpg 321w, https:\/\/simonyi.kre.hu\/wp-content\/uploads\/2024\/11\/logok01-300x240.jpg 300w\" sizes=\"auto, (max-width: 321px) 100vw, 321px\" \/><\/figure>\n","protected":false},"excerpt":{"rendered":"<p>T\u00e1mogat\u00f3ink a 2025\/26. tan\u00e9vben A&nbsp;29. alkalommal megrendezett verseny&nbsp;megval\u00f3s\u00edt\u00e1s\u00e1t a&nbsp;Nemzeti Tehets\u00e9g Program&nbsp;p\u00e1ly\u00e1zati t\u00e1mogat\u00e1s\u00e1val (t\u00e1mogat\u00f3 szervezet: Kultur\u00e1lis \u00e9s Innov\u00e1ci\u00f3s Miniszt\u00e9rium, nev\u00e9ben \u00e9s k\u00e9pviselet\u00e9ben elj\u00e1r\u00f3 lebonyol\u00edt\u00f3: Nemzeti Kultur\u00e1lis T\u00e1mogat\u00e1skezel\u0151) a k\u00f6vetkez\u0151 p\u00e1ly\u00e1zati forr\u00e1s tette lehet\u0151v\u00e9:a Magyar Nyelvtudom\u00e1nyi T\u00e1rsas\u00e1g NTP-TMV-M-25-B-0019 azonos\u00edt\u00f3sz\u00e1m\u00fa p\u00e1ly\u00e1zata aXXIX. Simonyi Zsigmond K\u00e1rp\u00e1t-medencei helyes\u00edr\u00e1si verseny lebonyol\u00edt\u00e1s\u00e1ra (vonatkoz\u00f3 t\u00e1mogat\u00e1si alprogram: A hazai nagy hagyom\u00e1ny\u00fa, orsz\u00e1gos szervez\u00e9s\u0171 tanulm\u00e1nyi &hellip; <\/p>\n<p class=\"link-more\"><a href=\"https:\/\/simonyi.kre.hu\/?page_id=2725\" class=\"more-link\"><span class=\"screen-reader-text\">&#8222;T\u00e1mogat\u00f3ink 2025\/26&#8221;<\/span> b\u0151vebben<\/a><\/p>\n","protected":false},"author":2,"featured_media":0,"parent":0,"menu_order":0,"comment_status":"closed","ping_status":"closed","template":"","meta":{"footnotes":""},"class_list":["post-2725","page","type-page","status-publish","hentry"],"_links":{"self":[{"href":"https:\/\/simonyi.kre.hu\/index.php?rest_route=\/wp\/v2\/pages\/2725","targetHints":{"allow":["GET"]}}],"collection":[{"href":"https:\/\/simonyi.kre.hu\/index.php?rest_route=\/wp\/v2\/pages"}],"about":[{"href":"https:\/\/simonyi.kre.hu\/index.php?rest_route=\/wp\/v2\/types\/page"}],"author":[{"embeddable":true,"href":"https:\/\/simonyi.kre.hu\/index.php?rest_route=\/wp\/v2\/users\/2"}],"replies":[{"embeddable":true,"href":"https:\/\/simonyi.kre.hu\/index.php?rest_route=%2Fwp%2Fv2%2Fcomments&post=2725"}],"version-history":[{"count":6,"href":"https:\/\/simonyi.kre.hu\/index.php?rest_route=\/wp\/v2\/pages\/2725\/revisions"}],"predecessor-version":[{"id":2740,"href":"https:\/\/simonyi.kre.hu\/index.php?rest_route=\/wp\/v2\/pages\/2725\/revisions\/2740"}],"wp:attachment":[{"href":"https:\/\/simonyi.kre.hu\/index.php?rest_route=%2Fwp%2Fv2%2Fmedia&parent=2725"}],"curies":[{"name":"wp","href":"https:\/\/api.w.org\/{rel}","templated":true}]}}